{"id":267,"date":"2021-06-02T16:18:14","date_gmt":"2021-06-02T15:18:14","guid":{"rendered":"http:\/\/leslectures.demarie.fr\/?page_id=267"},"modified":"2021-06-02T16:18:14","modified_gmt":"2021-06-02T15:18:14","slug":"echange-avec-moi-meme","status":"publish","type":"page","link":"https:\/\/leslectures.demarie.fr\/?page_id=267","title":{"rendered":"Echange avec moi-m\u00eame"},"content":{"rendered":"\n<p>A mon moi r\u00e9volt\u00e9 qui crie \u00e0 l\u2019injustice. Mon moi qui\nveut que tout aille plus vite, plus loin, plus fort, plus intense. A mon moi\nqui juge la connerie de l\u2019humanit\u00e9 en ayant envie de casser des bouches quand\nil voit des gens balancer leur masque par terre. A mon moi qui est d\u00e9j\u00e0 l\u00e0-bas\net qui ne comprend pas que les autres sont encore ici. A mon moi en col\u00e8re\ncontre ceux qui m\u2019ont abandonn\u00e9e, bless\u00e9e au plus profond de moi, ceux qui n\u2019ont\npas conscience d\u2019avoir eu un effet aussi destructeur et d\u00e9vastateur dans ma\nvie, en col\u00e8re contre ceux qui reproduisent ces sch\u00e9mas dans la vie d\u2019autres\npersonnes. A ce moi r\u00e9volt\u00e9 contre les mots qu\u2019on n\u2019entend pas, contre ce\nsilence qu\u2019on impose, r\u00e9volt\u00e9 contre cette norme soci\u00e9tale qui parfois manque\nde sens et de coh\u00e9rence, contre cette normalit\u00e9 qui nous enferme dans des cases\net peine \u00e0 nous laisser en sortir, qui nous emp\u00eache souvent d\u2019\u00eatre nous. A ce\nmoi en col\u00e8re contre moi de m\u2019\u00eatre laiss\u00e9e faire, de ne pas avoir su dire non\nquand il le fallait, ou de ne pas l\u2019avoir dit assez fort, de m\u2019\u00eatre laiss\u00e9e\nmarcher dessus, de m\u2019\u00eatre \u00e9cras\u00e9e en m\u2019emp\u00eachant d\u2019exister, d\u2019avoir voulu\nplaire \u00e0 tout prix en niant qui j\u2019\u00e9tais. A ce moi qui m\u2019en veut de m\u2019\u00eatre fait\nautant de mal, d\u2019avoir pouss\u00e9 aussi loin les limites, \u00e0 ce moi r\u00e9volt\u00e9 qu\u2019on ne\nl\u2019ait pas laiss\u00e9 s\u2019exprimer, qu\u2019on l\u2019ait r\u00e9duit au silence, rejet\u00e9, enfoui loin.\nA ce moi trop longtemps enferm\u00e9, pourtant si fort, si puissant, tellement beau\ndans sa volont\u00e9 de se faire entendre, ce moi qui me compl\u00e8te, qui me fait \u00eatre\nune et enti\u00e8re. Ce moi passionn\u00e9, spontan\u00e9, parfois sans filtre qu\u2019on a trop\nsouvent fait taire, que j\u2019ai trop souvent fait taire, dans la crainte du jugement\nde l\u2019autre. Ce moi qui vit les choses pleinement et prend la vie \u00e0 bras le\ncorps. Ce moi qui pourtant me porte et me rend forte. Ce moi qui je ne veux\nplus laisser de c\u00f4t\u00e9, jamais. Ce moi mis \u00e0 l\u2019\u00e9cart, bless\u00e9, meurtri, encore m\u00e9fiant,\nqu\u2019il me faudra apprivoiser. S\u2019il te pla\u00eet, ne me juge pas trop s\u00e9v\u00e8rement, sois\npatient avec moi, laisse-moi apprendre \u00e0 te conna\u00eetre et \u00e0 t\u2019aimer. Et de tout\nmon c\u0153ur, je te demande pardon.<\/p>\n\n\n\n<p>A ce toi. A ce toi si doux et bienveillant, si\ntol\u00e9rant et si aimant. Ce toi si fort et si fragile \u00e0 la fois. Ce toi qui a\ntent\u00e9 de te construire, malgr\u00e9 les \u00e9preuves que tu as travers\u00e9es, avec les\nmaigres outils dont tu disposais. Ce toi qui avait tant besoin de l\u00e9gitimit\u00e9,\ntant besoin d\u2019exister, tant besoin d\u2019\u00eatre aim\u00e9. Ce toi qui a tellement souffert\nd\u2019\u00eatre rejet\u00e9 et abandonn\u00e9 qu\u2019il a pr\u00e9f\u00e9r\u00e9 me laisser dans un coin si sombre,\nqu\u2019il ne me verrait plus. Ce toi qui avait honte d\u2019\u00eatre toi, avec moi. Ce toi qui\naspire \u00e0 la paix et \u00e0 la s\u00e9r\u00e9nit\u00e9, au calme et \u00e0 l\u2019apaisement. Ce toi qui pense\nque tout est de sa faute et qui culpabilise sans cesse, ce toi qui se met une\npression constante pour faire comme il faut, pour faire ce que tu penses que l\u2019on\nattend de toi. Ce toi, terrifi\u00e9 \u00e0 l\u2019id\u00e9e d\u2019\u00eatre toi avec moi, authentique,\nunique et magnifique. Sache que toi et moi, nous sommes compl\u00e9mentaires. Je\nvoudrais te dire que tu n\u2019as pas \u00e0 avoir peur, que tu peux \u00eatre fi\u00e8re de qui tu\nes. Que tu n\u2019es pas seule. Toi et moi, ensemble, on est fortes et on peut avancer,\nmais dans la main. A ce toi qui tremble, je voudrais dire que si j\u2019ai \u00e9t\u00e9 en\ncol\u00e8re, je ne le suis plus, plus contre toi. Que j\u2019ai compris pour quoi tu as\nfait tout \u00e7a et que je ne te jugerai pas. Je nous sais forte et courageuse,\nvolontaire et tenace. Je ne t\u2019en veux pas, je ne t\u2019en veux plus. Tu as fait ce\nque tu pouvais, comme tu pouvais. Et je suis fi\u00e8re de nous. Du chemin qu\u2019on a\nparcouru. Confiante pour aller de l\u2019avant avec toi. Oui, il faudra du temps\npour s\u2019accorder, trouver nos marques et se laisser \u00eatre, librement et sans\nbarri\u00e8res. Sache que tu n\u2019es pas seule, jamais. Que si tu tombes, tu te rel\u00e8veras,\ntoujours. Que je suis l\u00e0, avec toi. Que du plus profond de mon \u00eatre, je t\u2019aime.\nEt qu\u2019avec tout mon c\u0153ur, je te pardonne.<\/p>\n","protected":false},"excerpt":{"rendered":"<p>A mon moi r\u00e9volt\u00e9 qui crie \u00e0 l\u2019injustice. Mon moi qui veut que tout aille plus vite, plus loin, plus fort, plus intense. A mon moi qui juge la connerie de l\u2019humanit\u00e9 en ayant envie de casser des bouches quand il voit des gens balancer leur masque par terre. A mon moi qui est d\u00e9j\u00e0 [&hellip;]<\/p>\n","protected":false},"author":1,"featured_media":0,"parent":251,"menu_order":0,"comment_status":"closed","ping_status":"closed","template":"","meta":[],"_links":{"self":[{"href":"https:\/\/leslectures.demarie.fr\/index.php?rest_route=\/wp\/v2\/pages\/267"}],"collection":[{"href":"https:\/\/leslectures.demarie.fr\/index.php?rest_route=\/wp\/v2\/pages"}],"about":[{"href":"https:\/\/leslectures.demarie.fr\/index.php?rest_route=\/wp\/v2\/types\/page"}],"author":[{"embeddable":true,"href":"https:\/\/leslectures.demarie.fr\/index.php?rest_route=\/wp\/v2\/users\/1"}],"replies":[{"embeddable":true,"href":"https:\/\/leslectures.demarie.fr\/index.php?rest_route=%2Fwp%2Fv2%2Fcomments&post=267"}],"version-history":[{"count":1,"href":"https:\/\/leslectures.demarie.fr\/index.php?rest_route=\/wp\/v2\/pages\/267\/revisions"}],"predecessor-version":[{"id":268,"href":"https:\/\/leslectures.demarie.fr\/index.php?rest_route=\/wp\/v2\/pages\/267\/revisions\/268"}],"up":[{"embeddable":true,"href":"https:\/\/leslectures.demarie.fr\/index.php?rest_route=\/wp\/v2\/pages\/251"}],"wp:attachment":[{"href":"https:\/\/leslectures.demarie.fr\/index.php?rest_route=%2Fwp%2Fv2%2Fmedia&parent=267"}],"curies":[{"name":"wp","href":"https:\/\/api.w.org\/{rel}","templated":true}]}}